{"version":"1.0","provider_name":"Astiblog","provider_url":"https:\/\/astideco.com\/blog","author_name":"Astigarraga Kit Line","author_url":"https:\/\/astideco.com\/blog\/author\/astigarraga-kit-line\/","title":"Comment organiser et ranger une biblioth\u00e8que? - Astiblog","type":"rich","width":600,"height":338,"html":"<blockquote class=\"wp-embedded-content\" data-secret=\"Iu0cgBvDWV\"><a href=\"https:\/\/astideco.com\/blog\/comment-organiser-et-ranger-une-bibliotheque\/\">Comment organiser et ranger une biblioth\u00e8que?<\/a><\/blockquote><iframe sandbox=\"allow-scripts\" security=\"restricted\" src=\"https:\/\/astideco.com\/blog\/comment-organiser-et-ranger-une-bibliotheque\/embed\/#?secret=Iu0cgBvDWV\" width=\"600\" height=\"338\" title=\"\u00abComment organiser et ranger une biblioth\u00e8que?\u00bb \u2014 Astiblog\" data-secret=\"Iu0cgBvDWV\" frameborder=\"0\" marginwidth=\"0\" marginheight=\"0\" scrolling=\"no\" class=\"wp-embedded-content\"><\/iframe><script type=\"text\/javascript\">\n\/* <![CDATA[ *\/\n\/*! This file is auto-generated *\/\n!function(d,l){\"use strict\";l.querySelector&&d.addEventListener&&\"undefined\"!=typeof URL&&(d.wp=d.wp||{},d.wp.receiveEmbedMessage||(d.wp.receiveEmbedMessage=function(e){var t=e.data;if((t||t.secret||t.message||t.value)&&!\/[^a-zA-Z0-9]\/.test(t.secret)){for(var s,r,n,a=l.querySelectorAll('iframe[data-secret=\"'+t.secret+'\"]'),o=l.querySelectorAll('blockquote[data-secret=\"'+t.secret+'\"]'),c=new RegExp(\"^https?:$\",\"i\"),i=0;i<o.length;i++)o[i].style.display=\"none\";for(i=0;i<a.length;i++)s=a[i],e.source===s.contentWindow&&(s.removeAttribute(\"style\"),\"height\"===t.message?(1e3<(r=parseInt(t.value,10))?r=1e3:~~r<200&&(r=200),s.height=r):\"link\"===t.message&&(r=new URL(s.getAttribute(\"src\")),n=new URL(t.value),c.test(n.protocol))&&n.host===r.host&&l.activeElement===s&&(d.top.location.href=t.value))}},d.addEventListener(\"message\",d.wp.receiveEmbedMessage,!1),l.addEventListener(\"DOMContentLoaded\",function(){for(var e,t,s=l.querySelectorAll(\"iframe.wp-embedded-content\"),r=0;r<s.length;r++)(t=(e=s[r]).getAttribute(\"data-secret\"))||(t=Math.random().toString(36).substring(2,12),e.src+=\"#?secret=\"+t,e.setAttribute(\"data-secret\",t)),e.contentWindow.postMessage({message:\"ready\",secret:t},\"*\")},!1)))}(window,document);\n\/\/# sourceURL=https:\/\/astideco.com\/blog\/wp-includes\/js\/wp-embed.min.js\n\/* ]]> *\/\n<\/script>\n","thumbnail_url":"https:\/\/astideco.com\/blog\/wp-content\/uploads\/2019\/08\/9.jpg","thumbnail_width":5268,"thumbnail_height":3648,"description":"Doucement mais s\u00fbrement, le mois de septembre se rapproche. Cela signifie la fin in\u00e9luctable des vacances et un retour imminent au travail et \u00e0 la routine quotidienne. \u00c0 la maison aussi, il convient de pr\u00e9parer cette rentr\u00e9e. Disposer d&#8217;espaces organis\u00e9s [..]"}